{"id":883,"date":"2016-09-07T15:25:09","date_gmt":"2016-09-07T13:25:09","guid":{"rendered":"http:\/\/algarrother.com\/wp\/?page_id=883"},"modified":"2026-01-13T12:37:30","modified_gmt":"2026-01-13T11:37:30","slug":"dr-sabine-moenikheim","status":"publish","type":"page","link":"https:\/\/algarrother.com\/index.php\/de\/dr-sabine-moenikheim\/","title":{"rendered":"Dr. Sabine M\u00f6nikheim"},"content":{"rendered":"<p><div class=\"fusion-fullwidth fullwidth-box fusion-builder-row-1 nonhundred-percent-fullwidth non-hundred-percent-height-scrolling\" style=\"--awb-background-position:left top;--awb-border-sizes-top:0px;--awb-border-sizes-bottom:0px;--awb-border-sizes-left:0px;--awb-border-sizes-right:0px;--awb-border-radius-top-left:0px;--awb-border-radius-top-right:0px;--awb-border-radius-bottom-right:0px;--awb-border-radius-bottom-left:0px;--awb-padding-top:20px;--awb-padding-bottom:20px;--awb-flex-wrap:wrap;\" ><div class=\"fusion-builder-row fusion-row\"><div class=\"fusion-layout-column fusion_builder_column fusion-builder-column-0 fusion_builder_column_1_3 1_3 fusion-one-third fusion-column-first\" style=\"--awb-bg-blend:overlay;--awb-bg-size:cover;width:30.6666%; margin-right: 4%;\"><div class=\"fusion-column-wrapper fusion-flex-column-wrapper-legacy\"><div class=\"fusion-image-element in-legacy-container\" style=\"--awb-caption-title-font-family:var(--h2_typography-font-family);--awb-caption-title-font-weight:var(--h2_typography-font-weight);--awb-caption-title-font-style:var(--h2_typography-font-style);--awb-caption-title-size:var(--h2_typography-font-size);--awb-caption-title-transform:var(--h2_typography-text-transform);--awb-caption-title-line-height:var(--h2_typography-line-height);--awb-caption-title-letter-spacing:var(--h2_typography-letter-spacing);\"><span class=\" fusion-imageframe imageframe-none imageframe-1 hover-type-none\"><img decoding=\"async\" src=\"http:\/\/algarrother.com\/wp-content\/uploads\/2016\/08\/sabine_moenikheim_rund.png\" alt class=\"img-responsive\"\/><\/span><\/div><div class=\"fusion-clearfix\"><\/div><\/div><\/div><div class=\"fusion-layout-column fusion_builder_column fusion-builder-column-1 fusion_builder_column_1_3 1_3 fusion-one-third\" style=\"--awb-bg-blend:overlay;--awb-bg-size:cover;width:30.6666%; margin-right: 4%;\"><div class=\"fusion-column-wrapper fusion-flex-column-wrapper-legacy\"><div class=\"fusion-text fusion-text-1\"><h1><strong>Dr. Sabine M\u00f6nikheim<\/strong><\/h1>\n<h3><strong>Dipl.-Psychologin<\/strong><br \/>\nCoach &amp; Consultant<\/h3>\n<h3><strong>ALS COACH &amp; CONSULTANT STEHE ICH F\u00dcR:<\/strong><br \/>\nKlarheit.\u00a0 Wirksamkeit. Werte.<\/h3>\n<\/div><div class=\"fusion-clearfix\"><\/div><\/div><\/div><div class=\"fusion-layout-column fusion_builder_column fusion-builder-column-2 fusion_builder_column_1_3 1_3 fusion-one-third fusion-column-last\" style=\"--awb-bg-blend:overlay;--awb-bg-size:cover;--awb-margin-top:38px;width:30.6666%;\"><div class=\"fusion-column-wrapper fusion-flex-column-wrapper-legacy\"><div class=\"fusion-text fusion-text-2\"><h2>Kontakt<\/h2>\n<p>E-Mail: <a href=\"mailto:sabine.moenikheim@algarrother.com\">sabine.moenikheim@algarrother.com<\/a><\/p>\n<p><a href=\"http:\/\/algarrother.com\/wp-content\/uploads\/2016\/08\/dr_sabine_moenikheim_visitenkarte.pdf\" target=\"_blank\" rel=\"noopener noreferrer\"><img decoding=\"async\" class=\"alignnone size-full wp-image-269\" src=\"http:\/\/algarrother.com\/wp-content\/uploads\/2016\/08\/visitenkarte.jpg\" alt=\"visitenkarte\" width=\"100\" height=\"35\" \/><\/a><\/p>\n<\/div><div class=\"fusion-clearfix\"><\/div><\/div><\/div><\/div><\/div><div class=\"fusion-fullwidth fullwidth-box fusion-builder-row-2 nonhundred-percent-fullwidth non-hundred-percent-height-scrolling\" style=\"--awb-background-position:left top;--awb-border-sizes-top:0px;--awb-border-sizes-bottom:0px;--awb-border-sizes-left:0px;--awb-border-sizes-right:0px;--awb-border-radius-top-left:0px;--awb-border-radius-top-right:0px;--awb-border-radius-bottom-right:0px;--awb-border-radius-bottom-left:0px;--awb-padding-top:20px;--awb-padding-bottom:20px;--awb-flex-wrap:wrap;\" ><div class=\"fusion-builder-row fusion-row\"><div class=\"fusion-layout-column fusion_builder_column fusion-builder-column-3 fusion_builder_column_1_1 1_1 fusion-one-full fusion-column-first fusion-column-last fusion-column-no-min-height\" style=\"--awb-bg-blend:overlay;--awb-bg-size:cover;--awb-margin-bottom:0px;\"><div class=\"fusion-column-wrapper fusion-flex-column-wrapper-legacy\"><div class=\"fusion-sep-clear\"><\/div><div class=\"fusion-separator fusion-full-width-sep\" style=\"margin-left: auto;margin-right: auto;width:100%;\"><div class=\"fusion-separator-border sep-single sep-solid\" style=\"--awb-height:20px;--awb-amount:20px;--awb-sep-color:#90d5f4;border-color:#90d5f4;border-top-width:1px;\"><\/div><\/div><div class=\"fusion-sep-clear\"><\/div><div class=\"fusion-clearfix\"><\/div><\/div><\/div><\/div><\/div><div class=\"fusion-fullwidth fullwidth-box fusion-builder-row-3 nonhundred-percent-fullwidth non-hundred-percent-height-scrolling\" style=\"--awb-background-position:left top;--awb-border-sizes-top:0px;--awb-border-sizes-bottom:0px;--awb-border-sizes-left:0px;--awb-border-sizes-right:0px;--awb-border-radius-top-left:0px;--awb-border-radius-top-right:0px;--awb-border-radius-bottom-right:0px;--awb-border-radius-bottom-left:0px;--awb-padding-top:20px;--awb-padding-bottom:20px;--awb-flex-wrap:wrap;\" ><div class=\"fusion-builder-row fusion-row\"><div class=\"fusion-layout-column fusion_builder_column fusion-builder-column-4 fusion_builder_column_1_3 1_3 fusion-one-third fusion-column-first\" style=\"--awb-bg-blend:overlay;--awb-bg-size:cover;width:30.6666%; margin-right: 4%;\"><div class=\"fusion-column-wrapper fusion-flex-column-wrapper-legacy\"><div class=\"fusion-text fusion-text-3\"><h2>Berufserfahrung<\/h2>\n<table>\n<tbody>\n<tr>\n<td style=\"vertical-align: top;\" width=\"85px;\"><strong>Seit 2013:<\/strong><\/td>\n<td>Beraterin und Coach bei Algar Rother Coaches &amp; Consultants<\/td>\n<\/tr>\n<tr>\n<td style=\"vertical-align: top;\" width=\"85px;\"><strong>2010-2013:<\/strong><\/td>\n<td>Beraterin und Coach bei Rother &amp; Partner<\/td>\n<\/tr>\n<tr>\n<td style=\"vertical-align: top;\" width=\"85px;\"><strong>2000-2009:<\/strong><\/td>\n<td>Diehl Stiftung &amp; Co. KG N\u00fcrnberg, Leiterin Personal F\u00fchrungskr\u00e4fte, FK-Entwicklung &amp; International Assignments<\/td>\n<\/tr>\n<tr>\n<td style=\"vertical-align: top;\" width=\"85px;\"><strong>1999-2000:<\/strong><\/td>\n<td>Conti Temic N\u00fcrnberg, Leiterin Internationales Personalmanagement<\/td>\n<\/tr>\n<tr>\n<td style=\"vertical-align: top;\" width=\"85px;\"><strong>1995-1998:<\/strong><\/td>\n<td>Daimler-Benz Aerospace M\u00fcnchen, Referentin internationale Personal- und Organisationsentwicklung<\/td>\n<\/tr>\n<tr>\n<td style=\"vertical-align: top;\" width=\"85px;\"><strong>1992-1995:<\/strong><\/td>\n<td>IFAO AG, Unternehmensberatung<\/td>\n<\/tr>\n<\/tbody>\n<\/table>\n<\/div><div class=\"fusion-clearfix\"><\/div><\/div><\/div><div class=\"fusion-layout-column fusion_builder_column fusion-builder-column-5 fusion_builder_column_1_3 1_3 fusion-one-third\" style=\"--awb-bg-blend:overlay;--awb-bg-size:cover;width:30.6666%; margin-right: 4%;\"><div class=\"fusion-column-wrapper fusion-flex-column-wrapper-legacy\"><div class=\"fusion-text fusion-text-4\"><h2>Aus- und Weiterbildung<\/h2>\n<ul>\n<li>Dipl.-Psychologin, Schwerpunkt Arbeits-<br \/>\nund Organisationspsychologie an den Universit\u00e4ten W\u00fcrzburg und Paris<\/li>\n<li>Promotion an der Universit\u00e4t Paris V, Sorbonne<\/li>\n<li>Ausbildung zum zertifizierten Coach; Hephaistos Coaching-Zentrum (DBVC anerkannt), M\u00fcnchen<\/li>\n<li>Weiterbildung zur interkulturellen Mediatorin; Centre for Cross-Cultural-Conflict\u00a0 Conciliation AG, Zug, CH<\/li>\n<li>Diverse Weiterbildungen in Organisationsentwicklung, Change Management und Selbstmanagement<\/li>\n<li>Business-Sprachen: Deutsch, Englisch, Franz\u00f6sisch<\/li>\n<\/ul>\n<\/div><div class=\"fusion-clearfix\"><\/div><\/div><\/div><div class=\"fusion-layout-column fusion_builder_column fusion-builder-column-6 fusion_builder_column_1_3 1_3 fusion-one-third fusion-column-last\" style=\"--awb-bg-blend:overlay;--awb-bg-size:cover;width:30.6666%;\"><div class=\"fusion-column-wrapper fusion-flex-column-wrapper-legacy\"><div class=\"fusion-text fusion-text-5\"><h2>Beratungs- \/ Trainingsschwerpunkte<\/h2>\n<ul>\n<li>Nationale und internationale F\u00fchrungskr\u00e4fteentwicklung<\/li>\n<li>Workshop Konzeption &amp; Moderation<\/li>\n<li>Executive Coaching<\/li>\n<li>Teamentwicklung<\/li>\n<li>Change Management<\/li>\n<li>Assessment und Development Center, national und international<\/li>\n<li>Interkulturelles Management<\/li>\n<li>Lean Management<\/li>\n<\/ul>\n<\/div><div class=\"fusion-clearfix\"><\/div><\/div><\/div><\/div><\/div><div class=\"fusion-fullwidth fullwidth-box fusion-builder-row-4 nonhundred-percent-fullwidth non-hundred-percent-height-scrolling\" style=\"--awb-background-position:left top;--awb-border-sizes-top:0px;--awb-border-sizes-bottom:0px;--awb-border-sizes-left:0px;--awb-border-sizes-right:0px;--awb-border-radius-top-left:0px;--awb-border-radius-top-right:0px;--awb-border-radius-bottom-right:0px;--awb-border-radius-bottom-left:0px;--awb-padding-top:20px;--awb-padding-bottom:20px;--awb-flex-wrap:wrap;\" ><div class=\"fusion-builder-row fusion-row\"><div class=\"fusion-layout-column fusion_builder_column fusion-builder-column-7 fusion_builder_column_1_1 1_1 fusion-one-full fusion-column-first fusion-column-last fusion-column-no-min-height\" style=\"--awb-bg-blend:overlay;--awb-bg-size:cover;--awb-margin-bottom:0px;\"><div class=\"fusion-column-wrapper fusion-flex-column-wrapper-legacy\"><div class=\"fusion-sep-clear\"><\/div><div class=\"fusion-separator fusion-full-width-sep\" style=\"margin-left: auto;margin-right: auto;width:100%;\"><div class=\"fusion-separator-border sep-single sep-solid\" style=\"--awb-height:20px;--awb-amount:20px;--awb-sep-color:#90d5f4;border-color:#90d5f4;border-top-width:1px;\"><\/div><\/div><div class=\"fusion-sep-clear\"><\/div><div class=\"fusion-clearfix\"><\/div><\/div><\/div><\/div><\/div><div class=\"fusion-fullwidth fullwidth-box fusion-builder-row-5 nonhundred-percent-fullwidth non-hundred-percent-height-scrolling\" style=\"--awb-background-position:left top;--awb-border-sizes-top:0px;--awb-border-sizes-bottom:0px;--awb-border-sizes-left:0px;--awb-border-sizes-right:0px;--awb-border-radius-top-left:0px;--awb-border-radius-top-right:0px;--awb-border-radius-bottom-right:0px;--awb-border-radius-bottom-left:0px;--awb-padding-top:20px;--awb-padding-bottom:20px;--awb-flex-wrap:wrap;\" ><div class=\"fusion-builder-row fusion-row\"><div class=\"fusion-layout-column fusion_builder_column fusion-builder-column-8 fusion_builder_column_1_1 1_1 fusion-one-full fusion-column-first fusion-column-last\" style=\"--awb-bg-blend:overlay;--awb-bg-size:cover;\"><div class=\"fusion-column-wrapper fusion-flex-column-wrapper-legacy\"><div class=\"fusion-text fusion-text-6\"><h2>\u00dcber Sabine M\u00f6nikheim:<\/h2>\n<p><strong>\u201eWege entstehen, indem wir sie gehen.\u201c <\/strong><\/p>\n<p>Sabine ist schon seit ihrer Jugend interessiert und fasziniert vom Innenleben und Zusammenwirken von Menschen in Teams, Organisationen und Kulturen.<\/p>\n<p>Nach ihrem Studium der Wirtschaftspsychologie in W\u00fcrzburg und Paris sowie der Promotion an der Sorbonne, durfte sie sich in den 1990er Jahren in einer mittelst\u00e4ndischen Beratungsgesellschaft den vielf\u00e4ltigen Themenfeldern in der Praxis stellen: u.a. dem Training von Fach- und F\u00fchrungskr\u00e4ften in Teamf\u00fchrung und Moderation, der Einf\u00fchrung von Lean Management und selbstorganisierender Teams sowie der Konzeption und Durchf\u00fchrung von Assessment Centern in der Automobilindustrie, dem Maschinenbau und der Telekommunikation.<\/p>\n<p>Nach drei Jahren in der Unternehmensberatung, in der Sabine viel Erfahrung in den unter-schiedlichsten Organisationskulturen und \u2013hierarchien gesammelt hat, stellte sie sich die Frage: wie nachhaltig ist das, was wir da machen eigentlich? Was passiert, sobald die Berater die Organisation wieder verlassen haben?<\/p>\n<p>Daher wechselte sie 1995 in die Konzernzentrale zur DASA\/EADS, heute Airbus Group, in den Bereich Personal- und Organisationsentwicklung. Der Bedarf an Workshops, an Change Initiativen, an deutsch-franz\u00f6sischen sowie weiteren internationalen Teamentwicklungs- und F\u00fchrungsprozessen war hoch. Sabine war in ihrem Element. Und wie war das dann dort nach einer l\u00e4ngeren Zeit mit der Wirksamkeit und Nachhaltigkeit von Ver\u00e4nderung und Entwicklung? Nun, es geht nicht schnell und ist auch m\u00fchsam, aber es geht voran. Und es geht nur mit Konsequenz und Beharrlichkeit, auch mit sich Fehler verzeihen, aber vor allem: mit learning by doing und by ehrlichem Feedback. Und es gibt einen wunderbaren Nebeneffekt: in dieser \u201eChange-Atmosph\u00e4re\u201c entstehen auch immer wieder \u00fcberraschende, innovative Themenfelder, die ein konstruktives Eigenleben entwickeln.<\/p>\n<p>Nach Airbus und einer kurzen Zwischenstation in der Temic, \u00fcbernahm Sabine f\u00fcr viele Jahre die Verantwortung f\u00fcr F\u00fchrungs- und Managementaufgaben im Bereich des Personalvorstandes eines gr\u00f6\u00dferen, sehr divers aufgestellten, internationalen Familienunternehmens. Hier war Sabine sehr lange ganz nah dran: am Alltag und den Herausforderungen der F\u00fchrungskr\u00e4fte, an der Unternehmensstrategie, an den Finanzen, an der Familienkultur.<\/p>\n<p>Wir verhalten uns immer eingebettet in eine bestimmte Situation und abh\u00e4ngig von sozialen Kontexten, Bez\u00fcgen\/(Unternehmens-) Kulturen, aber vor allem gem\u00e4\u00df unserer einzigartigen Pers\u00f6nlichkeit: d.h. mit unseren, nur uns eigenen und oft nicht bewussten Pr\u00e4gungen, Werten, \u00dcberzeugungen, Annahmen, Erwartungen, Projektionen, Talenten, Motiven und Bed\u00fcrfnissen.<\/p>\n<p>Das hei\u00dft jede Ver\u00e4nderung, jede Entwicklung ben\u00f6tigt \u2013 neben dem Erlernen neuer F\u00e4higkeiten, Werkzeuge, Modelle, Methoden\u2013 auch immer ein Selbst-Bewusstsein dar\u00fcber, was uns in unserer Entwicklung <em>eigentlich<\/em> (be-) hindert und was wir <em>wirklich <\/em>brauchen.<\/p>\n<p>Und Entwicklung, ob pers\u00f6nlich, in Teams oder in einer Organisation gibt es nicht umsonst, d.h. ohne auch unsichere und unangenehme Situationen durchzustehen. Dabei unterst\u00fctze ich Sie und Ihr Team, bzw. ihre Organisation sehr gerne.<\/p>\n<p>&nbsp;<\/p>\n<\/div><div class=\"fusion-clearfix\"><\/div><\/div><\/div><\/div><\/div><div class=\"fusion-fullwidth fullwidth-box fusion-builder-row-6 nonhundred-percent-fullwidth non-hundred-percent-height-scrolling\" style=\"--awb-background-position:left top;--awb-border-sizes-top:0px;--awb-border-sizes-bottom:0px;--awb-border-sizes-left:0px;--awb-border-sizes-right:0px;--awb-border-radius-top-left:0px;--awb-border-radius-top-right:0px;--awb-border-radius-bottom-right:0px;--awb-border-radius-bottom-left:0px;--awb-padding-top:20px;--awb-padding-bottom:20px;--awb-flex-wrap:wrap;\" ><div class=\"fusion-builder-row fusion-row\"><div class=\"fusion-layout-column fusion_builder_column fusion-builder-column-9 fusion_builder_column_1_1 1_1 fusion-one-full fusion-column-first fusion-column-last fusion-column-no-min-height\" style=\"--awb-bg-blend:overlay;--awb-bg-size:cover;--awb-margin-bottom:0px;\"><div class=\"fusion-column-wrapper fusion-flex-column-wrapper-legacy\"><div class=\"fusion-sep-clear\"><\/div><div class=\"fusion-separator fusion-full-width-sep\" style=\"margin-left: auto;margin-right: auto;width:100%;\"><div class=\"fusion-separator-border sep-single sep-solid\" style=\"--awb-height:20px;--awb-amount:20px;--awb-sep-color:#90d5f4;border-color:#90d5f4;border-top-width:1px;\"><\/div><\/div><div class=\"fusion-sep-clear\"><\/div><div class=\"fusion-clearfix\"><\/div><\/div><\/div><\/div><\/div><div class=\"fusion-fullwidth fullwidth-box fusion-builder-row-7 nonhundred-percent-fullwidth non-hundred-percent-height-scrolling\" style=\"--awb-background-position:left top;--awb-border-sizes-top:0px;--awb-border-sizes-bottom:0px;--awb-border-sizes-left:0px;--awb-border-sizes-right:0px;--awb-border-radius-top-left:0px;--awb-border-radius-top-right:0px;--awb-border-radius-bottom-right:0px;--awb-border-radius-bottom-left:0px;--awb-padding-top:20px;--awb-padding-bottom:20px;--awb-flex-wrap:wrap;\" ><div class=\"fusion-builder-row fusion-row\"><div class=\"fusion-layout-column fusion_builder_column fusion-builder-column-10 fusion_builder_column_2_3 2_3 fusion-two-third fusion-column-first\" style=\"--awb-bg-blend:overlay;--awb-bg-size:cover;width:65.3333%; margin-right: 4%;\"><div class=\"fusion-column-wrapper fusion-flex-column-wrapper-legacy\"><div class=\"fusion-text fusion-text-7\"><h2 style=\"text-align: left;\">Auszug der Referenzkunden<\/h2>\n<\/div><div class=\"fusion-image-carousel fusion-image-carousel-fixed fusion-image-carousel-1 lightbox-enabled\"><div class=\"awb-carousel awb-swiper awb-swiper-carousel awb-carousel--carousel awb-swiper-dots-position-bottom\" data-layout=\"carousel\" data-autoplay=\"no\" data-autoplayspeed=\"2500\" data-autoplaypause=\"no\" data-columns=\"6\" data-columnsmedium=\"1\" data-columnssmall=\"1\" data-itemmargin=\"13\" data-itemwidth=\"180\" data-touchscroll=\"no\" data-freemode=\"no\" data-imagesize=\"fixed\" data-scrollitems=\"0\" data-centeredslides=\"no\" data-rotationangle=\"50\" data-depth=\"100\" data-speed=\"500\" data-shadow=\"no\" data-pagination=\"bullets\" style=\"--awb-columns:6;\"><div class=\"swiper-wrapper awb-image-carousel-wrapper fusion-flex-align-items-center\"><div class=\"swiper-slide\"><div class=\"fusion-carousel-item-wrapper\"><div class=\"fusion-image-wrapper hover-type-zoomin\"><a data-rel=\"iLightbox[image_carousel_1]\" href=\"http:\/\/algarrother.com\/wp-content\/uploads\/2016\/08\/airbus_logo.png\" target=\"_self\"><img decoding=\"async\" src=\"http:\/\/algarrother.com\/wp-content\/uploads\/2016\/08\/airbus_logo.png\" alt=\"\"\/><\/a><\/div><\/div><\/div><div class=\"swiper-slide\"><div class=\"fusion-carousel-item-wrapper\"><div class=\"fusion-image-wrapper hover-type-zoomin\"><a data-rel=\"iLightbox[image_carousel_1]\" href=\"http:\/\/algarrother.com\/wp-content\/uploads\/2016\/09\/wilo_logo.png\" target=\"_self\"><img decoding=\"async\" src=\"http:\/\/algarrother.com\/wp-content\/uploads\/2016\/09\/wilo_logo.png\" alt=\"\"\/><\/a><\/div><\/div><\/div><div class=\"swiper-slide\"><div class=\"fusion-carousel-item-wrapper\"><div class=\"fusion-image-wrapper hover-type-zoomin\"><a data-rel=\"iLightbox[image_carousel_1]\" href=\"http:\/\/algarrother.com\/wp-content\/uploads\/2016\/08\/roche_logo.png\" target=\"_self\"><img decoding=\"async\" src=\"http:\/\/algarrother.com\/wp-content\/uploads\/2016\/08\/roche_logo.png\" alt=\"\"\/><\/a><\/div><\/div><\/div><div class=\"swiper-slide\"><div class=\"fusion-carousel-item-wrapper\"><div class=\"fusion-image-wrapper hover-type-zoomin\"><a data-rel=\"iLightbox[image_carousel_1]\" href=\"http:\/\/algarrother.com\/wp-content\/uploads\/2016\/09\/teva_logo.png\" target=\"_self\"><img decoding=\"async\" src=\"http:\/\/algarrother.com\/wp-content\/uploads\/2016\/09\/teva_logo.png\" alt=\"\"\/><\/a><\/div><\/div><\/div><div class=\"swiper-slide\"><div class=\"fusion-carousel-item-wrapper\"><div class=\"fusion-image-wrapper hover-type-zoomin\"><a data-rel=\"iLightbox[image_carousel_1]\" href=\"http:\/\/algarrother.com\/wp-content\/uploads\/2016\/09\/linde_group_logo.png\" target=\"_self\"><img decoding=\"async\" src=\"http:\/\/algarrother.com\/wp-content\/uploads\/2016\/09\/linde_group_logo.png\" alt=\"\"\/><\/a><\/div><\/div><\/div><div class=\"swiper-slide\"><div class=\"fusion-carousel-item-wrapper\"><div class=\"fusion-image-wrapper hover-type-zoomin\"><a data-rel=\"iLightbox[image_carousel_1]\" data-title=\"boehringer_ingelheim\" aria-label=\"boehringer_ingelheim\" href=\"https:\/\/algarrother.com\/wp-content\/uploads\/2019\/10\/boehringer_ingelheim.png\" target=\"_self\"><img decoding=\"async\" width=\"250\" height=\"202\" src=\"https:\/\/algarrother.com\/wp-content\/uploads\/2019\/10\/boehringer_ingelheim-250x202.png\" class=\"attachment-blog-medium size-blog-medium\" alt=\"\" \/><\/a><\/div><\/div><\/div><div class=\"swiper-slide\"><div class=\"fusion-carousel-item-wrapper\"><div class=\"fusion-image-wrapper hover-type-zoomin\"><a data-rel=\"iLightbox[image_carousel_1]\" data-title=\"canon\" aria-label=\"canon\" href=\"https:\/\/algarrother.com\/wp-content\/uploads\/2020\/04\/canon-1.png\" target=\"_self\"><img decoding=\"async\" width=\"250\" height=\"202\" src=\"https:\/\/algarrother.com\/wp-content\/uploads\/2020\/04\/canon-1-250x202.png\" class=\"attachment-blog-medium size-blog-medium\" alt=\"\" \/><\/a><\/div><\/div><\/div><div class=\"swiper-slide\"><div class=\"fusion-carousel-item-wrapper\"><div class=\"fusion-image-wrapper hover-type-zoomin\"><a data-rel=\"iLightbox[image_carousel_1]\" data-title=\"BNP-Paribas-logo\" aria-label=\"BNP-Paribas-logo\" href=\"https:\/\/algarrother.com\/wp-content\/uploads\/2023\/10\/BNP-Paribas-logo-400x200.jpg\" target=\"_self\"><img decoding=\"async\" width=\"320\" height=\"202\" src=\"https:\/\/algarrother.com\/wp-content\/uploads\/2023\/10\/BNP-Paribas-logo-320x202.jpg\" class=\"attachment-blog-medium size-blog-medium\" alt=\"\" \/><\/a><\/div><\/div><\/div><\/div><div class=\"awb-swiper-button awb-swiper-button-prev\"><i class=\"awb-icon-angle-left\" aria-hidden=\"true\"><\/i><\/div><div class=\"awb-swiper-button awb-swiper-button-next\"><i class=\"awb-icon-angle-right\" aria-hidden=\"true\"><\/i><\/div><\/div><\/div><div class=\"fusion-clearfix\"><\/div><\/div><\/div><div class=\"fusion-layout-column fusion_builder_column fusion-builder-column-11 fusion_builder_column_1_3 1_3 fusion-one-third fusion-column-last\" style=\"--awb-bg-blend:overlay;--awb-bg-size:cover;width:30.6666%;\"><div class=\"fusion-column-wrapper fusion-flex-column-wrapper-legacy\"><div class=\"fusion-text fusion-text-8\"><h2>Publikation<\/h2>\n<\/div><div class=\"fusion-text fusion-text-9\"><ul>\n<li>Die Entwicklung des interkulturellen Managements am Beispiel der Dasa. In: C. Barmeyer \/ J. Bolten (Hg.), Interkulturelle Personalorganisation. Sternenfels \/ Berlin 1998, 107-122.<\/li>\n<\/ul>\n<\/div><div class=\"fusion-clearfix\"><\/div><\/div><\/div><\/div><\/div><\/p>\n","protected":false},"excerpt":{"rendered":"","protected":false},"author":1,"featured_media":0,"parent":0,"menu_order":0,"comment_status":"closed","ping_status":"closed","template":"","meta":{"footnotes":""},"class_list":["post-883","page","type-page","status-publish","hentry"],"_links":{"self":[{"href":"https:\/\/algarrother.com\/index.php\/wp-json\/wp\/v2\/pages\/883","targetHints":{"allow":["GET"]}}],"collection":[{"href":"https:\/\/algarrother.com\/index.php\/wp-json\/wp\/v2\/pages"}],"about":[{"href":"https:\/\/algarrother.com\/index.php\/wp-json\/wp\/v2\/types\/page"}],"author":[{"embeddable":true,"href":"https:\/\/algarrother.com\/index.php\/wp-json\/wp\/v2\/users\/1"}],"replies":[{"embeddable":true,"href":"https:\/\/algarrother.com\/index.php\/wp-json\/wp\/v2\/comments?post=883"}],"version-history":[{"count":7,"href":"https:\/\/algarrother.com\/index.php\/wp-json\/wp\/v2\/pages\/883\/revisions"}],"predecessor-version":[{"id":6867,"href":"https:\/\/algarrother.com\/index.php\/wp-json\/wp\/v2\/pages\/883\/revisions\/6867"}],"wp:attachment":[{"href":"https:\/\/algarrother.com\/index.php\/wp-json\/wp\/v2\/media?parent=883"}],"curies":[{"name":"wp","href":"https:\/\/api.w.org\/{rel}","templated":true}]}}